{"id":515,"date":"2019-02-02T19:24:54","date_gmt":"2019-02-02T19:24:54","guid":{"rendered":"https:\/\/escolaemp.com.br\/emp\/?page_id=515"},"modified":"2026-01-07T20:32:42","modified_gmt":"2026-01-07T20:32:42","slug":"trompete","status":"publish","type":"page","link":"https:\/\/escolaemp.com.br\/emp\/trompete\/","title":{"rendered":"Trompete"},"content":{"rendered":"<p>O curso \u00e9 dividido em tr\u00eas t\u00f3picos diferentes: instrumento, pr\u00e1tica em conjunto e percep\u00e7\u00e3o, que viabiliza uma forma\u00e7\u00e3o completa que prepara o aluno para o mercado de trabalho.<u><\/u><u><\/u><\/p>\n<p>O repert\u00f3rio trabalhado nas aulas do instrumento pode ser executado em grupo nas aulas de pr\u00e1tica em conjunto jazz\/MPB, possibilitando ao aluno interagir com outros instrumentistas.<\/p>\n<p>Divis\u00e3o das aulas:<\/p>\n<ul>\n<li>1 aula\/semana: pr\u00e1tica do instrumento<\/li>\n<li>Aulas de pr\u00e1tica em conjunto \u2192 <a href=\"https:\/\/escolaemp.com.br\/emp\/praticas-em-conjunto\/\">Consulte as aulas (*)<\/a><\/li>\n<li>1 aula\/semana: de <a href=\"https:\/\/escolaemp.com.br\/emp\/musicalizacao-adulto\/\">musicaliza\u00e7\u00e3o<\/a> (teoria musical) (*)<\/li>\n<\/ul>\n<p>(*) Os cursos de musicaliza\u00e7\u00e3o e pr\u00e1ticas em conjunto s\u00e3o oferecidos\u00a0<u>gratuitamente<\/u>\u00a0a todos os alunos matriculados em cursos regulares da EMP. Indicados para alunos a partir de 12 anos.<\/p>\n<h4><strong>Tabela de pre\u00e7os:<\/strong><\/h4>\n<table class=\"price-table\" cellspacing=\"0\" cellpadding=\"10\">\n<tbody>\n<tr>\n<td><strong>Matr\u00edcula:<\/strong><\/td>\n<td>\n<p class=\"show_enrol\" title=\"\" data-original-title=\"\"><a href=\"#popup-69f01cfe3aca3\" rel=\"prettyphoto\" class=\"popup-link\">Veja as op\u00e7\u00f5es<\/a><div id=\"popup-69f01cfe3aca3\" class=\"popup-content\"><div class=\"popup-inner\" ><\/p>\n<p style=\"font-weight: 400;\"><strong>R$\n113,00\t\n\n<?php<\/strong>\u00a0alunos at\u00e9 10 anos<\/p>\n<p style=\"font-weight: 400;\"><strong>R$\n198,00\n<?php<\/strong>\u00a0incluindo material did\u00e1tico do N\u00edvel I (Musicaliza\u00e7\u00e3o e Instrumento).<\/p>\n<p style=\"font-weight: 400;\"><em>O valor pode ser pago em 3 parcelas (cart\u00e3o de cr\u00e9dito).<\/em><\/p>\n<p class=\"show_enrol\" title=\"\" data-original-title=\"\"><small class=\"\">\u00a0<\/small><\/div><\/div>\n<\/p>\n<\/td>\n<\/tr>\n<tr>\n<td><strong>Mensalidade:<\/strong><\/td>\n<td>R$ \n544,00\t\n\n<?php<\/td>\n<\/tr>\n<\/tbody>\n<\/table>\n<ul>\n<li><a href=\"https:\/\/escolaemp.com.br\/emp\/professores-de-trompete\/\">Veja o(s) professor(es)<\/a><\/li>\n<\/ul>\n<div class=\"alert alert_warning\"><div class=\"alert_icon\"><i class=\"icon-lamp\"><\/i><\/div><div class=\"alert_wrapper\"><\/p>\n<p><strong>Infra-estrutura:<\/strong> Salas com instrumentos, amplificadores , sistema de som e computador.\u00a0<u><\/u><u><\/u>As aulas pr\u00e1ticas de canto e instrumento s\u00e3o individuais.<\/p>\n<p><\/div><a href=\"#\" class=\"close\"><i class=\"icon-cancel\"><\/i><\/a><\/div>\n\n","protected":false},"excerpt":{"rendered":"<p>O curso \u00e9 dividido em tr\u00eas t\u00f3picos diferentes: instrumento, pr\u00e1tica em conjunto e percep\u00e7\u00e3o, que viabiliza uma forma\u00e7\u00e3o completa que prepara o aluno para o mercado<span class=\"excerpt-hellip\"> [\u2026]<\/span><\/p>\n","protected":false},"author":1,"featured_media":0,"parent":0,"menu_order":0,"comment_status":"closed","ping_status":"closed","template":"","meta":[],"_links":{"self":[{"href":"https:\/\/escolaemp.com.br\/emp\/wp-json\/wp\/v2\/pages\/515"}],"collection":[{"href":"https:\/\/escolaemp.com.br\/emp\/wp-json\/wp\/v2\/pages"}],"about":[{"href":"https:\/\/escolaemp.com.br\/emp\/wp-json\/wp\/v2\/types\/page"}],"author":[{"embeddable":true,"href":"https:\/\/escolaemp.com.br\/emp\/wp-json\/wp\/v2\/users\/1"}],"replies":[{"embeddable":true,"href":"https:\/\/escolaemp.com.br\/emp\/wp-json\/wp\/v2\/comments?post=515"}],"version-history":[{"count":12,"href":"https:\/\/escolaemp.com.br\/emp\/wp-json\/wp\/v2\/pages\/515\/revisions"}],"predecessor-version":[{"id":3037,"href":"https:\/\/escolaemp.com.br\/emp\/wp-json\/wp\/v2\/pages\/515\/revisions\/3037"}],"wp:attachment":[{"href":"https:\/\/escolaemp.com.br\/emp\/wp-json\/wp\/v2\/media?parent=515"}],"curies":[{"name":"wp","href":"https:\/\/api.w.org\/{rel}","templated":true}]}}