{"id":501,"date":"2019-02-02T19:15:43","date_gmt":"2019-02-02T19:15:43","guid":{"rendered":"https:\/\/escolaemp.com.br\/emp\/?page_id=501"},"modified":"2023-01-09T16:53:16","modified_gmt":"2023-01-09T16:53:16","slug":"musicalizacao-adulto","status":"publish","type":"page","link":"https:\/\/escolaemp.com.br\/emp\/musicalizacao-adulto\/","title":{"rendered":"Musicaliza\u00e7\u00e3o Adulto"},"content":{"rendered":"<p>O curso de musicaliza\u00e7\u00e3o da Escola EMP foi estruturado em 3 n\u00edveis, com a dura\u00e7\u00e3o de 01 semestre para cada n\u00edvel.<u><\/u><u><\/u><\/p>\n<p>Para cada n\u00edvel foram criados uma apostila e \u00e1udio de treinamento auditivo, contendo exerc\u00edcios e m\u00fasicas a serem transcritas pelos alunos. O curso aborda os princ\u00edpios b\u00e1sicos da teoria , treinamento auditivo, solfejo e transcri\u00e7\u00e3o de m\u00fasicas possibilitando ao m\u00fasico uma forma\u00e7\u00e3o completa e preparando-o para o mercado de trabalho.<u><\/u><u><\/u><\/p>\n<p><strong>Carga hor\u00e1ria:<\/strong>\u00a0uma aula por semana de 55 min. de dura\u00e7\u00e3o<\/p>\n<h3>Divis\u00e3o dos n\u00edveis:<\/h3>\n<h4>N\u00edvel I<\/h4>\n<p>Teoria &#8211; Notas no pentagrama, claves, cifra, figuras r\u00edtmicas, compasso, intervalos, acidentes, barras e sinais de repeti\u00e7\u00e3o, escalas maior, menor natural e crom\u00e1tica, forma\u00e7\u00e3o de acordes (tr\u00edades e t\u00e9trades)<\/p>\n<p>Solfejo &#8211; Introdu\u00e7\u00e3o \u00e0 escala pentat\u00f4nica (uso do D\u00f3 m\u00f3vel)<\/p>\n<p>Treinamento auditivo &#8211; Reconhecimento dos acordes maior, menor e maior c\/7<\/p>\n<h4>N\u00edvel II<\/h4>\n<p>Teoria &#8211; Forma\u00e7\u00e3o e aplica\u00e7\u00e3o das escalas pentat\u00f4nicas, armadura de clave, invers\u00e3o de acordes, forma\u00e7\u00e3o de acordes (suspenso, sexta, nona), contratempo, s\u00edncope, unidade de tempo e compasso, compasso composto<\/p>\n<p>Solfejo &#8211; Leitura de melodias nas escalas pentat\u00f4nica maior e menor (uma oitava), nos compassos bin\u00e1rio, tern\u00e1rio e quatern\u00e1rio<\/p>\n<p>Treinamento Auditivo &#8211; Cria\u00e7\u00e3o e transcri\u00e7\u00e3o de m\u00fasicas na tonalidade maior, nos estilos rock, pop, balada e reggae. A transcri\u00e7\u00e3o inclui baixo, bateria, teclado, guitarra e instrumentos de sopro<\/p>\n<h4>N\u00edvel III<\/h4>\n<p>Harmonia &#8211; Campo harm\u00f4nico maior e fun\u00e7\u00e3o<\/p>\n<p>Solfejo &#8211; Leitura de melodias nas escalas pentat\u00f4nica maior, menor e blues (uma quarta composta), nos compassos composto e simples. Uso do D\u00f3 m\u00f3vel.<\/p>\n<p>Treinamento Auditivo &#8211; Cria\u00e7\u00e3o e transcri\u00e7\u00e3o de m\u00fasicas na tonalidade maior, nos estilos rock, blues, afox\u00e9, bossa nova, bai\u00e3o e jazz.<\/p>\n<p>&nbsp;<\/p>\n<p><strong>Avalia\u00e7\u00e3o:<\/strong>\u00a0O aluno dever\u00e1 alcan\u00e7ar no m\u00ednimo 60% em freq\u00fc\u00eancia e no teste de avalia\u00e7\u00e3o, para mudar de n\u00edvel e receber o certificado.<\/p>\n<p>Ap\u00f3s a conclus\u00e3o do curso de Musicaliza\u00e7\u00e3o III , recomendamos aos alunos que fa\u00e7am o\u00a0<a href=\"https:\/\/escolaemp.com.br\/emp\/harmonia\/\">Curso de Harmonia<\/a>.<\/p>\n<p>&nbsp;<\/p>\n<table class=\"price-table\" border=\"0\" cellspacing=\"0\" cellpadding=\"10\">\n<tbody>\n<tr>\n<td id=\"\" dir=\"\" lang=\"\" scope=\"\" align=\"\" valign=\"\">Matr\u00edcula:<\/td>\n<td dir=\"\" lang=\"\" scope=\"\" align=\"\" valign=\"\">\n<p class=\"show_enrol\" title=\"\" data-original-title=\"\"><a href=\"#popup-69f4b7e4335e4\" rel=\"prettyphoto\" class=\"popup-link\">Veja as op\u00e7\u00f5es<\/a><div id=\"popup-69f4b7e4335e4\" class=\"popup-content\"><div class=\"popup-inner\" ><\/p>\n<p style=\"font-weight: 400;\"><strong>R$\n113,00\t\n\n<?php<\/strong>\u00a0alunos at\u00e9 10 anos<\/p>\n<p style=\"font-weight: 400;\"><strong>R$\n198,00\n<?php<\/strong>\u00a0incluindo material did\u00e1tico do N\u00edvel I (Kit de Musicaliza\u00e7\u00e3o).<\/p>\n<p style=\"font-weight: 400;\"><em>O valor pode ser pago em 3 parcelas (cart\u00e3o de cr\u00e9dito).<\/em><\/p>\n<p class=\"show_enrol\" title=\"\" data-original-title=\"\"><small class=\"\">\u00a0<\/small><\/div><\/div>\n<\/p>\n<\/td>\n<\/tr>\n<tr>\n<td dir=\"\" lang=\"\" scope=\"\" align=\"\" valign=\"\">Mensalidade:<\/td>\n<td dir=\"\" lang=\"\" scope=\"\" align=\"\" valign=\"\">R$ \n300,00\t\n\n<?php<\/td>\n<\/tr>\n<tr>\n<td dir=\"\" lang=\"\" scope=\"\" align=\"\" valign=\"\"><span class=\"Apple-style-span\">Obs:<\/span><\/td>\n<td dir=\"\" lang=\"\" scope=\"\" align=\"\" valign=\"\">*Gratuito para alunos da escola<\/td>\n<\/tr>\n<\/tbody>\n<\/table>\n<p>Aulas em grupo, onde as turmas se iniciam semestralmente.<\/p>\n<p>&nbsp;<\/p>\n<ul>\n<li><a href=\"https:\/\/escolaemp.com.br\/emp\/professores-de-musicalizacao-adulto\/\">Veja os professores<\/a><\/li>\n<li><a href=\"https:\/\/escolaemp.com.br\/emp\/horarios-de-musicalizacao\/\">Veja as turmas e hor\u00e1rios<\/a><\/li>\n<\/ul>\n","protected":false},"excerpt":{"rendered":"<p>O curso de musicaliza\u00e7\u00e3o da Escola EMP foi estruturado em 3 n\u00edveis, com a dura\u00e7\u00e3o de 01 semestre para cada n\u00edvel. Para cada n\u00edvel foram criados<span class=\"excerpt-hellip\"> [\u2026]<\/span><\/p>\n","protected":false},"author":1,"featured_media":0,"parent":0,"menu_order":0,"comment_status":"closed","ping_status":"closed","template":"","meta":[],"_links":{"self":[{"href":"https:\/\/escolaemp.com.br\/emp\/wp-json\/wp\/v2\/pages\/501"}],"collection":[{"href":"https:\/\/escolaemp.com.br\/emp\/wp-json\/wp\/v2\/pages"}],"about":[{"href":"https:\/\/escolaemp.com.br\/emp\/wp-json\/wp\/v2\/types\/page"}],"author":[{"embeddable":true,"href":"https:\/\/escolaemp.com.br\/emp\/wp-json\/wp\/v2\/users\/1"}],"replies":[{"embeddable":true,"href":"https:\/\/escolaemp.com.br\/emp\/wp-json\/wp\/v2\/comments?post=501"}],"version-history":[{"count":16,"href":"https:\/\/escolaemp.com.br\/emp\/wp-json\/wp\/v2\/pages\/501\/revisions"}],"predecessor-version":[{"id":3030,"href":"https:\/\/escolaemp.com.br\/emp\/wp-json\/wp\/v2\/pages\/501\/revisions\/3030"}],"wp:attachment":[{"href":"https:\/\/escolaemp.com.br\/emp\/wp-json\/wp\/v2\/media?parent=501"}],"curies":[{"name":"wp","href":"https:\/\/api.w.org\/{rel}","templated":true}]}}