{"id":499,"date":"2019-02-02T18:49:59","date_gmt":"2019-02-02T18:49:59","guid":{"rendered":"https:\/\/escolaemp.com.br\/emp\/?page_id=499"},"modified":"2023-01-06T20:50:46","modified_gmt":"2023-01-06T20:50:46","slug":"harmonia","status":"publish","type":"page","link":"https:\/\/escolaemp.com.br\/emp\/harmonia\/","title":{"rendered":"Harmonia"},"content":{"rendered":"<p>&nbsp;<\/p>\n<p>Pr\u00e9-requisito: <a href=\"https:\/\/escolaemp.com.br\/emp\/musicalizacao-adulto\/\">Musicaliza\u00e7\u00e3o<\/a> IIII<\/p>\n<p><strong>Modulo 1<\/strong>\u00a0\u2013 Ser\u00e3o Abordados conceitos como Escala Maior, Menor Harm\u00f3nica e Mel\u00f3dica e seus respectivos campos harm\u00f4nicos. Al\u00e9m disso as fun\u00e7\u00f5es no campo harm\u00f4nico maior, com um foco em an\u00e1lises de composi\u00e7\u00f5es.<\/p>\n<p><strong>Modulo 2<\/strong>\u00a0\u2013 O foco ser\u00e1 em Modos Gregos, buscando explorar a sonoridade de cada um. Exploraremos as fun\u00e7\u00f5es dos campos da Menor Harm\u00f4nica e Menor Mel\u00f3dica, juntamente com seus modos.<\/p>\n<p><strong>Modulo 3<\/strong>\u00a0\u2013 Estudaremos Harmonia Negativa. Faremos tamb\u00e9m um estudo generalizado sobre a fun\u00e7\u00e3o dominante, explorando v\u00e1rias possibilidades. A ideia \u00e9 focar em t\u00e9cnicas de re-harmoniza\u00e7\u00e3o.<\/p>\n<p>Dura\u00e7\u00e3o de cada m\u00f3dulo: 6 meses<\/p>\n<p>Valor da mensalidade:<\/p>\n<ul>\n<li>Aula em grupo: R$\n300,00\t\n\n<?php<\/li>\n<li>Individual: R$\n491,00\t\n\n<?php<\/li>\n<\/ul>\n<p>Matr\u00edcula: <a href=\"#popup-69f4cc504626a\" rel=\"prettyphoto\" class=\"popup-link\">Veja as op\u00e7\u00f5es<\/a><div id=\"popup-69f4cc504626a\" class=\"popup-content\"><div class=\"popup-inner\" ><\/p>\n<p style=\"font-weight: 400;\"><strong>R$\n113,00\t\n\n<?php<\/strong> alunos at\u00e9 10 anos<\/p>\n<p style=\"font-weight: 400;\"><strong>R$\n198,00\n<?php<\/strong> incluindo material did\u00e1tico do N\u00edvel I (Musicaliza\u00e7\u00e3o e Instrumento).<\/p>\n<p style=\"font-weight: 400;\"><em>O valor pode ser pago em 3 parcelas (cart\u00e3o de cr\u00e9dito).<\/em><\/p>\n<p class=\"show_enrol\" title=\"\" data-original-title=\"\"><small class=\"\">\u00a0<\/small><\/div><\/div>\n<\/p>\n<p style=\"font-weight: 400;\">Dura\u00e7\u00e3o da aula: 55 minutos<\/p>\n<p>&nbsp;<\/p>\n<p><a href=\"https:\/\/escolaemp.com.br\/emp\/professores-de-harmonia\/\">Conhe\u00e7a os professores<\/a>.<\/p>\n","protected":false},"excerpt":{"rendered":"<p>&nbsp; Pr\u00e9-requisito: Musicaliza\u00e7\u00e3o IIII Modulo 1\u00a0\u2013 Ser\u00e3o Abordados conceitos como Escala Maior, Menor Harm\u00f3nica e Mel\u00f3dica e seus respectivos campos harm\u00f4nicos. Al\u00e9m disso as fun\u00e7\u00f5es no<span class=\"excerpt-hellip\"> [\u2026]<\/span><\/p>\n","protected":false},"author":1,"featured_media":0,"parent":0,"menu_order":0,"comment_status":"closed","ping_status":"closed","template":"","meta":[],"_links":{"self":[{"href":"https:\/\/escolaemp.com.br\/emp\/wp-json\/wp\/v2\/pages\/499"}],"collection":[{"href":"https:\/\/escolaemp.com.br\/emp\/wp-json\/wp\/v2\/pages"}],"about":[{"href":"https:\/\/escolaemp.com.br\/emp\/wp-json\/wp\/v2\/types\/page"}],"author":[{"embeddable":true,"href":"https:\/\/escolaemp.com.br\/emp\/wp-json\/wp\/v2\/users\/1"}],"replies":[{"embeddable":true,"href":"https:\/\/escolaemp.com.br\/emp\/wp-json\/wp\/v2\/comments?post=499"}],"version-history":[{"count":19,"href":"https:\/\/escolaemp.com.br\/emp\/wp-json\/wp\/v2\/pages\/499\/revisions"}],"predecessor-version":[{"id":3031,"href":"https:\/\/escolaemp.com.br\/emp\/wp-json\/wp\/v2\/pages\/499\/revisions\/3031"}],"wp:attachment":[{"href":"https:\/\/escolaemp.com.br\/emp\/wp-json\/wp\/v2\/media?parent=499"}],"curies":[{"name":"wp","href":"https:\/\/api.w.org\/{rel}","templated":true}]}}