{"id":464,"date":"2019-02-02T18:01:59","date_gmt":"2019-02-02T18:01:59","guid":{"rendered":"https:\/\/escolaemp.com.br\/emp\/?page_id=464"},"modified":"2026-01-07T17:45:05","modified_gmt":"2026-01-07T17:45:05","slug":"acordeon","status":"publish","type":"page","link":"https:\/\/escolaemp.com.br\/emp\/acordeon\/","title":{"rendered":"Acordeon"},"content":{"rendered":"<div class=\"item-page clearfix\">\n<article>\n<header class=\"article-header clearfix\">\n<p class=\"article-title\">O curso de Acordeon da Escola EMP oferece 3 aulas semanais:<\/p>\n<p class=\"article-title\">Divis\u00e3o das aulas:<\/p>\n<\/header>\n<section class=\"article-content clearfix\">\n<ul>\n<li>1 aula\/ semana pr\u00e1tica do instrumento.<\/li>\n<li>\u00a01\u00a0aula\/semana <a href=\"https:\/\/escolaemp.com.br\/emp\/musicalizacao-adulto\/\">musicaliza\u00e7\u00e3o<\/a> (teoria musical) (*)<\/li>\n<li>Aulas de pr\u00e1tica em conjunto \u2192 <a href=\"https:\/\/escolaemp.com.br\/emp\/praticas-em-conjunto\/\">Consulte as aulas (*)<\/a><\/li>\n<\/ul>\n<p>(*) Os cursos de musicaliza\u00e7\u00e3o e pr\u00e1ticas em conjunto s\u00e3o oferecidos\u00a0<u>gratuitamente<\/u>\u00a0a todos os alunos matriculados em cursos regulares da EMP. Indicados para alunos a partir de 12 anos.<\/p>\n<p><a href=\"https:\/\/escolaemp.com.br\/emp\/professores-de-acordeon\/\">Veja os professores<\/a><\/p>\n<h4><strong>Tabela de pre\u00e7os:<\/strong><\/h4>\n<table class=\"price-table\" cellspacing=\"0\" cellpadding=\"10\">\n<tbody>\n<tr>\n<td><strong>Matr\u00edcula:<\/strong><\/td>\n<td>\n<p class=\"show_enrol\" title=\"\" data-original-title=\"\"><a href=\"#popup-69f1dde3a1076\" rel=\"prettyphoto\" class=\"popup-link\">Veja as op\u00e7\u00f5es<\/a><div id=\"popup-69f1dde3a1076\" class=\"popup-content\"><div class=\"popup-inner\" ><\/p>\n<p style=\"font-weight: 400;\"><strong>R$\n113,00\t\n\n<?php<\/strong> alunos at\u00e9 10 anos<\/p>\n<p style=\"font-weight: 400;\"><strong>R$\n198,00\n<?php<\/strong> incluindo material did\u00e1tico do N\u00edvel I (Musicaliza\u00e7\u00e3o e Instrumento).<\/p>\n<p style=\"font-weight: 400;\"><em>O valor pode ser pago em 3 parcelas (cart\u00e3o de cr\u00e9dito).<\/em><\/p>\n<p class=\"show_enrol\" title=\"\" data-original-title=\"\"><small class=\"\">\u00a0<\/small><\/div><\/div>\n<\/p>\n<\/td>\n<\/tr>\n<tr>\n<td><strong>Mensalidade:<\/strong><\/td>\n<td>R$ \n648,00\t\n\n<?php<\/td>\n<\/tr>\n<\/tbody>\n<\/table>\n<\/section>\n<\/article>\n<\/div>\n<div class=\"bannerBootom\">\n<div>\n<div class=\"custom\">\n<div>\n<p><strong>Infra-estrutura:<\/strong>\u00a0Salas com instrumentos, amplificadores , sistema de som e computador.<\/p>\n<\/div>\n<\/div>\n<\/div>\n<\/div>\n","protected":false},"excerpt":{"rendered":"<p>O curso de Acordeon da Escola EMP oferece 3 aulas semanais: Divis\u00e3o das aulas: 1 aula\/ semana pr\u00e1tica do instrumento. \u00a01\u00a0aula\/semana musicaliza\u00e7\u00e3o (teoria musical) (*) Aulas<span class=\"excerpt-hellip\"> [\u2026]<\/span><\/p>\n","protected":false},"author":1,"featured_media":0,"parent":0,"menu_order":0,"comment_status":"closed","ping_status":"closed","template":"","meta":[],"_links":{"self":[{"href":"https:\/\/escolaemp.com.br\/emp\/wp-json\/wp\/v2\/pages\/464"}],"collection":[{"href":"https:\/\/escolaemp.com.br\/emp\/wp-json\/wp\/v2\/pages"}],"about":[{"href":"https:\/\/escolaemp.com.br\/emp\/wp-json\/wp\/v2\/types\/page"}],"author":[{"embeddable":true,"href":"https:\/\/escolaemp.com.br\/emp\/wp-json\/wp\/v2\/users\/1"}],"replies":[{"embeddable":true,"href":"https:\/\/escolaemp.com.br\/emp\/wp-json\/wp\/v2\/comments?post=464"}],"version-history":[{"count":25,"href":"https:\/\/escolaemp.com.br\/emp\/wp-json\/wp\/v2\/pages\/464\/revisions"}],"predecessor-version":[{"id":3021,"href":"https:\/\/escolaemp.com.br\/emp\/wp-json\/wp\/v2\/pages\/464\/revisions\/3021"}],"wp:attachment":[{"href":"https:\/\/escolaemp.com.br\/emp\/wp-json\/wp\/v2\/media?parent=464"}],"curies":[{"name":"wp","href":"https:\/\/api.w.org\/{rel}","templated":true}]}}